{"id":757,"date":"2021-03-24T15:44:06","date_gmt":"2021-03-24T15:44:06","guid":{"rendered":"https:\/\/sasdepelf.com\/?page_id=757"},"modified":"2025-06-19T08:22:43","modified_gmt":"2025-06-19T08:22:43","slug":"prezzi-estate","status":"publish","type":"page","link":"https:\/\/sasdepelf.com\/?page_id=757","title":{"rendered":"Prezzi estate"},"content":{"rendered":"\t\t<div data-elementor-type=\"wp-page\" data-elementor-id=\"757\" class=\"elementor elementor-757\" data-elementor-settings=\"[]\">\n\t\t\t\t\t\t\t<div class=\"elementor-section-wrap\">\n\t\t\t\t\t\t\t<section class=\"elementor-section elementor-top-section elementor-element elementor-element-5131a13e elementor-section-boxed elementor-section-height-default elementor-section-height-default\" data-id=\"5131a13e\" data-element_type=\"section\" data-settings=\"{&quot;background_background&quot;:&quot;classic&quot;}\">\n\t\t\t\t\t\t\t<div class=\"elementor-background-overlay\"><\/div>\n\t\t\t\t\t\t\t<div class=\"elementor-container elementor-column-gap-default\">\n\t\t\t\t\t<div class=\"elementor-column elementor-col-100 elementor-top-column elementor-element elementor-element-1053ca7a\" data-id=\"1053ca7a\" data-element_type=\"column\">\n\t\t\t<div class=\"elementor-widget-wrap elementor-element-populated\">\n\t\t\t\t\t\t\t\t<div class=\"elementor-element elementor-element-3d99e122 elementor-widget elementor-widget-heading\" data-id=\"3d99e122\" data-element_type=\"widget\" data-widget_type=\"heading.default\">\n\t\t\t\t<div class=\"elementor-widget-container\">\n\t\t\t<h1 class=\"elementor-heading-title elementor-size-default\">Prezzi per l'estate<\/h1>\t\t<\/div>\n\t\t\t\t<\/div>\n\t\t\t\t\t<\/div>\n\t\t<\/div>\n\t\t\t\t\t\t\t<\/div>\n\t\t<\/section>\n\t\t\t\t<section class=\"elementor-section elementor-top-section elementor-element elementor-element-5aaa6ec elementor-section-boxed elementor-section-height-default elementor-section-height-default\" data-id=\"5aaa6ec\" data-element_type=\"section\">\n\t\t\t\t\t\t<div class=\"elementor-container elementor-column-gap-default\">\n\t\t\t\t\t<div class=\"elementor-column elementor-col-100 elementor-top-column elementor-element elementor-element-8bcf365\" data-id=\"8bcf365\" data-element_type=\"column\">\n\t\t\t<div class=\"elementor-widget-wrap elementor-element-populated\">\n\t\t\t\t\t\t\t\t<div class=\"elementor-element elementor-element-e626326 elementor-widget elementor-widget-html\" data-id=\"e626326\" data-element_type=\"widget\" data-widget_type=\"html.default\">\n\t\t\t\t<div class=\"elementor-widget-container\">\n\t\t\t<table>\r\n  <tr>\r\n    <th>Estate 2025<\/th>\r\n    <th>Bilocale <br> max 4 persone<\/th>\r\n    <th>Trilocale <br> max 6 persone<\/th>\r\n  <\/tr>\r\n  <tr>\r\n    <td>28.06.25 \/ 12.07.25<\/td>\r\n    <td>\u20ac 910,00<\/td>\r\n    <td>\u20ac 1.100,00<\/td>\r\n  <\/tr>\r\n  <tr>\r\n    <td>12.07.25 \/ 26.07.25 <br> 23.08.25 \/ 30.08.25<\/td>\r\n    <td>\u20ac 1.050,00<\/td>\r\n    <td>\u20ac 1.250,00<\/td>\r\n  <\/tr>\r\n  <tr>\r\n    <td>26.07.25 \/ 09.08.25 <br> 16.08.25 \/ 23.08.25<\/td>\r\n    <td>\u20ac 1.150,00<\/td>\r\n    <td>\u20ac 1.300,00<\/td>\r\n  <\/tr>\r\n  <tr>\r\n    <td>09.08.25 \/ 16.08.25<\/td>\r\n    <td>\u20ac 1.250,00<\/td>\r\n    <td>\u20ac 1.400,00<\/td>\r\n  <\/tr>\r\n<\/table>\t\t<\/div>\n\t\t\t\t<\/div>\n\t\t\t\t\t<\/div>\n\t\t<\/div>\n\t\t\t\t\t\t\t<\/div>\n\t\t<\/section>\n\t\t\t\t<section class=\"elementor-section elementor-top-section elementor-element elementor-element-e255178 elementor-section-boxed elementor-section-height-default elementor-section-height-default\" data-id=\"e255178\" data-element_type=\"section\">\n\t\t\t\t\t\t<div class=\"elementor-container elementor-column-gap-default\">\n\t\t\t\t\t<div class=\"elementor-column elementor-col-100 elementor-top-column elementor-element elementor-element-3cba971\" data-id=\"3cba971\" data-element_type=\"column\">\n\t\t\t<div class=\"elementor-widget-wrap elementor-element-populated\">\n\t\t\t\t\t\t\t\t<div class=\"elementor-element elementor-element-38e6bbc elementor-widget elementor-widget-heading\" data-id=\"38e6bbc\" data-element_type=\"widget\" data-widget_type=\"heading.default\">\n\t\t\t\t<div class=\"elementor-widget-container\">\n\t\t\t<h1 class=\"elementor-heading-title elementor-size-xxl\">Condizioni generali<\/h1>\t\t<\/div>\n\t\t\t\t<\/div>\n\t\t\t\t<div class=\"elementor-element elementor-element-f5e37c9 elementor-widget elementor-widget-heading\" data-id=\"f5e37c9\" data-element_type=\"widget\" data-widget_type=\"heading.default\">\n\t\t\t\t<div class=\"elementor-widget-container\">\n\t\t\t<h1 class=\"elementor-heading-title elementor-size-large\">Conferma della prenotazione<\/h1>\t\t<\/div>\n\t\t\t\t<\/div>\n\t\t\t\t<div class=\"elementor-element elementor-element-09007e9 elementor-widget elementor-widget-text-editor\" data-id=\"09007e9\" data-element_type=\"widget\" data-widget_type=\"text-editor.default\">\n\t\t\t\t<div class=\"elementor-widget-container\">\n\t\t\t\t\t<div class=\"elementor-text-editor elementor-clearfix\"><p>La validit\u00e0 della prenotazione, a tutti gli effetti, \u00e8 subordinata al versamento della caparra, pari al 30% del prezzo pattuito, che pu\u00f2 essere eseguito con bonifico bancario al seguente conto corrente:<\/p><\/div>\n\t\t\t\t<\/div>\n\t\t\t\t<\/div>\n\t\t\t\t<div class=\"elementor-element elementor-element-7c1856f elementor-widget elementor-widget-heading\" data-id=\"7c1856f\" data-element_type=\"widget\" data-widget_type=\"heading.default\">\n\t\t\t\t<div class=\"elementor-widget-container\">\n\t\t\t<h1 class=\"elementor-heading-title elementor-size-large\">Residence Sas de Pelf<\/h1>\t\t<\/div>\n\t\t\t\t<\/div>\n\t\t\t\t<div class=\"elementor-element elementor-element-1304a32 elementor-widget elementor-widget-text-editor\" data-id=\"1304a32\" data-element_type=\"widget\" data-widget_type=\"text-editor.default\">\n\t\t\t\t<div class=\"elementor-widget-container\">\n\t\t\t\t\t<div class=\"elementor-text-editor elementor-clearfix\"><p>BANCA: Cassa Rurale ed Artigiana di Cortina d\u2019Ampezzo e delle Dolomiti, via Monte Civetta, 2 Pecol di Zoldo Alto (BL)<br \/>C\/C NR.: 000000017547<br \/>BBAN: W 08511 05646 000000017547<br \/>IBAN: IT61 W 08511 05646 000000017547<br \/>SWIFT-BIC: CCRTIT2T95A<br \/>ABI: 08511 CAB: 05646<\/p><\/div>\n\t\t\t\t<\/div>\n\t\t\t\t<\/div>\n\t\t\t\t<div class=\"elementor-element elementor-element-7d2fd91 elementor-widget elementor-widget-heading\" data-id=\"7d2fd91\" data-element_type=\"widget\" data-widget_type=\"heading.default\">\n\t\t\t\t<div class=\"elementor-widget-container\">\n\t\t\t<h1 class=\"elementor-heading-title elementor-size-large\">Arrivo<\/h1>\t\t<\/div>\n\t\t\t\t<\/div>\n\t\t\t\t<div class=\"elementor-element elementor-element-f711166 elementor-widget elementor-widget-text-editor\" data-id=\"f711166\" data-element_type=\"widget\" data-widget_type=\"text-editor.default\">\n\t\t\t\t<div class=\"elementor-widget-container\">\n\t\t\t\t\t<div class=\"elementor-text-editor elementor-clearfix\"><p>Il giorno dell\u2019arrivo gli appartamenti saranno a Vostra disposizione dalle ore 16,00. Nel caso doveste arrivare dopo le ore 19,00 Vi preghiamo di avvertirci.<br \/>In caso di arrivo posticipato saremo costretti ad addebitarVi il 100% del prezzo dell\u2019intero periodo prenotato.<\/p><\/div>\n\t\t\t\t<\/div>\n\t\t\t\t<\/div>\n\t\t\t\t<div class=\"elementor-element elementor-element-60e7db7 elementor-widget elementor-widget-heading\" data-id=\"60e7db7\" data-element_type=\"widget\" data-widget_type=\"heading.default\">\n\t\t\t\t<div class=\"elementor-widget-container\">\n\t\t\t<h1 class=\"elementor-heading-title elementor-size-large\">Partenza<\/h1>\t\t<\/div>\n\t\t\t\t<\/div>\n\t\t\t\t<div class=\"elementor-element elementor-element-805ad7d elementor-widget elementor-widget-text-editor\" data-id=\"805ad7d\" data-element_type=\"widget\" data-widget_type=\"text-editor.default\">\n\t\t\t\t<div class=\"elementor-widget-container\">\n\t\t\t\t\t<div class=\"elementor-text-editor elementor-clearfix\"><p>Il giorno della Vostra partenza Vi preghiamo di lasciare liberi gli appartamenti entro le ore 09,00. Partenza anticipata: in caso di partenza anticipata saremo costretti ad addebitarVi il 100% del prezzo dell\u2019intero periodo prenotato.<\/p><\/div>\n\t\t\t\t<\/div>\n\t\t\t\t<\/div>\n\t\t\t\t<div class=\"elementor-element elementor-element-fb88368 elementor-widget elementor-widget-heading\" data-id=\"fb88368\" data-element_type=\"widget\" data-widget_type=\"heading.default\">\n\t\t\t\t<div class=\"elementor-widget-container\">\n\t\t\t<h1 class=\"elementor-heading-title elementor-size-large\">Pagamento<\/h1>\t\t<\/div>\n\t\t\t\t<\/div>\n\t\t\t\t<div class=\"elementor-element elementor-element-3f8dc94 elementor-widget elementor-widget-text-editor\" data-id=\"3f8dc94\" data-element_type=\"widget\" data-widget_type=\"text-editor.default\">\n\t\t\t\t<div class=\"elementor-widget-container\">\n\t\t\t\t\t<div class=\"elementor-text-editor elementor-clearfix\"><p>Avete la possibilit\u00e0 di regolare il Vostro conto a mezzo contanti, carta di credito o bancomat (VISA)<br \/>Non si accettano assegni.<\/p><\/div>\n\t\t\t\t<\/div>\n\t\t\t\t<\/div>\n\t\t\t\t<div class=\"elementor-element elementor-element-fc16398 elementor-widget elementor-widget-heading\" data-id=\"fc16398\" data-element_type=\"widget\" data-widget_type=\"heading.default\">\n\t\t\t\t<div class=\"elementor-widget-container\">\n\t\t\t<h1 class=\"elementor-heading-title elementor-size-large\">Fumatori e non fumatori<\/h1>\t\t<\/div>\n\t\t\t\t<\/div>\n\t\t\t\t<div class=\"elementor-element elementor-element-ce4dbd6 elementor-widget elementor-widget-text-editor\" data-id=\"ce4dbd6\" data-element_type=\"widget\" data-widget_type=\"text-editor.default\">\n\t\t\t\t<div class=\"elementor-widget-container\">\n\t\t\t\t\t<div class=\"elementor-text-editor elementor-clearfix\"><p>In base alle nuove normative nazionali (Art. 1 Legge n. 584 dell\u201911.01.1975 \u2013 D.P.C. 14.12.1995) nei luoghi pubblici \u00e8 proibito fumare, compresi quindi gli alberghi. Le sanzioni sono severe sia per i titolari delle strutture pubbliche che per i trasgressori. Siamo quindi spiacenti di informarVi che dal 10.01.2005 non si potr\u00e0 fumare in tutte le aree del Residence (appartamenti compresi)<\/p><\/div>\n\t\t\t\t<\/div>\n\t\t\t\t<\/div>\n\t\t\t\t<div class=\"elementor-element elementor-element-5a79829 elementor-widget elementor-widget-heading\" data-id=\"5a79829\" data-element_type=\"widget\" data-widget_type=\"heading.default\">\n\t\t\t\t<div class=\"elementor-widget-container\">\n\t\t\t<h1 class=\"elementor-heading-title elementor-size-large\">Annullamento\/Disdetta<\/h1>\t\t<\/div>\n\t\t\t\t<\/div>\n\t\t\t\t<div class=\"elementor-element elementor-element-f0f126f elementor-widget elementor-widget-text-editor\" data-id=\"f0f126f\" data-element_type=\"widget\" data-widget_type=\"text-editor.default\">\n\t\t\t\t<div class=\"elementor-widget-container\">\n\t\t\t\t\t<div class=\"elementor-text-editor elementor-clearfix\"><p>Le prenotazioni possono essere annullate solo per iscritto. Per gli annullamenti fino a 60 giorni prima del giorno di arrivo previsto Vi sar\u00e0 restituita la caparra; se annullerete dopo questa data perderete la caparra versata.<br \/>In generale valgono le norme della UE per la disdetta di soggiorni alberghieri e viaggi. Se doveste disdire un soggiorno alberghiero o iniziare il soggiorno in ritardo o interromperlo anticipatamente, Vi verr\u00e0 fatturata la sistemazione alberghiera per tutto il periodo prenotato o rispettivamente trattenuto l\u2019acconto versato. Valgono le condizioni internazionali di disdetta. (foro competente: Belluno).<\/p><\/div>\n\t\t\t\t<\/div>\n\t\t\t\t<\/div>\n\t\t\t\t<div class=\"elementor-element elementor-element-8792688 elementor-widget elementor-widget-heading\" data-id=\"8792688\" data-element_type=\"widget\" data-widget_type=\"heading.default\">\n\t\t\t\t<div class=\"elementor-widget-container\">\n\t\t\t<h1 class=\"elementor-heading-title elementor-size-large\">animali<\/h1>\t\t<\/div>\n\t\t\t\t<\/div>\n\t\t\t\t<div class=\"elementor-element elementor-element-bfe23b9 elementor-widget elementor-widget-text-editor\" data-id=\"bfe23b9\" data-element_type=\"widget\" data-widget_type=\"text-editor.default\">\n\t\t\t\t<div class=\"elementor-widget-container\">\n\t\t\t\t\t<div class=\"elementor-text-editor elementor-clearfix\"><p>Siamo spiacenti ma non si accettano animali.<\/p><p>Nella speranza di poterVi annoverare tra la nostra migliore clientela, Vi invitiamo a contattarci per ogni ulteriore richiesta.<\/p><\/div>\n\t\t\t\t<\/div>\n\t\t\t\t<\/div>\n\t\t\t\t\t<\/div>\n\t\t<\/div>\n\t\t\t\t\t\t\t<\/div>\n\t\t<\/section>\n\t\t\t\t\t\t<\/div>\n\t\t\t\t\t<\/div>\n\t\t","protected":false},"excerpt":{"rendered":"<p>Prezzi per l&#8217;estate Estate 2025 Bilocale max 4 persone Trilocale max 6 persone 28.06.25 \/ 12.07.25 \u20ac 910,00 \u20ac 1.100,00 12.07.25 \/ 26.07.25 23.08.25 \/ 30.08.25 \u20ac 1.050,00 \u20ac 1.250,00 26.07.25 \/ 09.08.25 16.08.25 \/ 23.08.25 \u20ac 1.150,00 \u20ac 1.300,00 09.08.25 \/ 16.08.25 \u20ac 1.250,00 \u20ac 1.400,00 Condizioni generali Conferma della prenotazione La validit\u00e0 della &hellip;<\/p>\n<p class=\"read-more\"> <a class=\"\" href=\"https:\/\/sasdepelf.com\/?page_id=757\"> <span class=\"screen-reader-text\">Prezzi estate<\/span> Leggi altro &raquo;<\/a><\/p>\n","protected":false},"author":1,"featured_media":0,"parent":0,"menu_order":0,"comment_status":"closed","ping_status":"closed","template":"","meta":[],"yoast_head":"<!-- This site is optimized with the Yoast SEO plugin v16.0.2 - https:\/\/yoast.com\/wordpress\/plugins\/seo\/ -->\n<title>Prezzi estate - Residence Sas de Pelf<\/title>\n<link rel=\"canonical\" href=\"https:\/\/sasdepelf.com\/?page_id=757\" \/>\n<meta property=\"og:locale\" content=\"it_IT\" \/>\n<meta property=\"og:type\" content=\"article\" \/>\n<meta property=\"og:title\" content=\"Prezzi estate - Residence Sas de Pelf\" \/>\n<meta property=\"og:description\" content=\"Prezzi per l&#8217;estate Estate 2025 Bilocale max 4 persone Trilocale max 6 persone 28.06.25 \/ 12.07.25 \u20ac 910,00 \u20ac 1.100,00 12.07.25 \/ 26.07.25 23.08.25 \/ 30.08.25 \u20ac 1.050,00 \u20ac 1.250,00 26.07.25 \/ 09.08.25 16.08.25 \/ 23.08.25 \u20ac 1.150,00 \u20ac 1.300,00 09.08.25 \/ 16.08.25 \u20ac 1.250,00 \u20ac 1.400,00 Condizioni generali Conferma della prenotazione La validit\u00e0 della &hellip; Prezzi estate Leggi altro &raquo;\" \/>\n<meta property=\"og:url\" content=\"https:\/\/sasdepelf.com\/?page_id=757\" \/>\n<meta property=\"og:site_name\" content=\"Residence Sas de Pelf\" \/>\n<meta property=\"article:modified_time\" content=\"2025-06-19T08:22:43+00:00\" \/>\n<meta name=\"twitter:card\" content=\"summary_large_image\" \/>\n<meta name=\"twitter:label1\" content=\"Tempo di lettura stimato\">\n\t<meta name=\"twitter:data1\" content=\"2 minuti\">\n<script type=\"application\/ld+json\" class=\"yoast-schema-graph\">{\"@context\":\"https:\/\/schema.org\",\"@graph\":[{\"@type\":\"WebSite\",\"@id\":\"https:\/\/sasdepelf.com\/#website\",\"url\":\"https:\/\/sasdepelf.com\/\",\"name\":\"Residence Sas de Pelf\",\"description\":\"Sentirsi come a casa...\",\"potentialAction\":[{\"@type\":\"SearchAction\",\"target\":\"https:\/\/sasdepelf.com\/?s={search_term_string}\",\"query-input\":\"required name=search_term_string\"}],\"inLanguage\":\"it-IT\"},{\"@type\":\"WebPage\",\"@id\":\"https:\/\/sasdepelf.com\/?page_id=757#webpage\",\"url\":\"https:\/\/sasdepelf.com\/?page_id=757\",\"name\":\"Prezzi estate - Residence Sas de Pelf\",\"isPartOf\":{\"@id\":\"https:\/\/sasdepelf.com\/#website\"},\"datePublished\":\"2021-03-24T15:44:06+00:00\",\"dateModified\":\"2025-06-19T08:22:43+00:00\",\"breadcrumb\":{\"@id\":\"https:\/\/sasdepelf.com\/?page_id=757#breadcrumb\"},\"inLanguage\":\"it-IT\",\"potentialAction\":[{\"@type\":\"ReadAction\",\"target\":[\"https:\/\/sasdepelf.com\/?page_id=757\"]}]},{\"@type\":\"BreadcrumbList\",\"@id\":\"https:\/\/sasdepelf.com\/?page_id=757#breadcrumb\",\"itemListElement\":[{\"@type\":\"ListItem\",\"position\":1,\"item\":{\"@type\":\"WebPage\",\"@id\":\"https:\/\/sasdepelf.com\/\",\"url\":\"https:\/\/sasdepelf.com\/\",\"name\":\"Home\"}},{\"@type\":\"ListItem\",\"position\":2,\"item\":{\"@type\":\"WebPage\",\"@id\":\"https:\/\/sasdepelf.com\/?page_id=757\",\"url\":\"https:\/\/sasdepelf.com\/?page_id=757\",\"name\":\"Prezzi estate\"}}]}]}<\/script>\n<!-- \/ Yoast SEO plugin. -->","_links":{"self":[{"href":"https:\/\/sasdepelf.com\/index.php?rest_route=\/wp\/v2\/pages\/757"}],"collection":[{"href":"https:\/\/sasdepelf.com\/index.php?rest_route=\/wp\/v2\/pages"}],"about":[{"href":"https:\/\/sasdepelf.com\/index.php?rest_route=\/wp\/v2\/types\/page"}],"author":[{"embeddable":true,"href":"https:\/\/sasdepelf.com\/index.php?rest_route=\/wp\/v2\/users\/1"}],"replies":[{"embeddable":true,"href":"https:\/\/sasdepelf.com\/index.php?rest_route=%2Fwp%2Fv2%2Fcomments&post=757"}],"version-history":[{"count":34,"href":"https:\/\/sasdepelf.com\/index.php?rest_route=\/wp\/v2\/pages\/757\/revisions"}],"predecessor-version":[{"id":824,"href":"https:\/\/sasdepelf.com\/index.php?rest_route=\/wp\/v2\/pages\/757\/revisions\/824"}],"wp:attachment":[{"href":"https:\/\/sasdepelf.com\/index.php?rest_route=%2Fwp%2Fv2%2Fmedia&parent=757"}],"curies":[{"name":"wp","href":"https:\/\/api.w.org\/{rel}","templated":true}]}}